{"id":2734,"date":"2025-11-07T09:57:28","date_gmt":"2025-11-07T08:57:28","guid":{"rendered":"https:\/\/fidamc.es\/?page_id=2734"},"modified":"2025-11-15T22:19:51","modified_gmt":"2025-11-15T21:19:51","slug":"summit","status":"publish","type":"page","link":"https:\/\/fidamc.es\/en\/summit\/","title":{"rendered":"Summit"},"content":{"rendered":"<p>[et_pb_section fb_built=\u00bb1&#8243; admin_label=\u00bbHero\u00bb _builder_version=\u00bb4.27.4&#8243; use_background_color_gradient=\u00bbon\u00bb background_color_gradient_type=\u00bbcircular\u00bb background_color_gradient_direction_radial=\u00bbtop left\u00bb background_color_gradient_stops=\u00bbrgba(40,40,40,0.79) 0%|rgba(40,40,40,0.86) 100%\u00bb background_color_gradient_overlays_image=\u00bbon\u00bb background_color_gradient_start=\u00bbrgba(40,40,40,0.79)\u00bb background_color_gradient_end=\u00bbrgba(40,40,40,0.86)\u00bb background_image=\u00bbhttps:\/\/fidamc.es\/wp-content\/uploads\/2025\/11\/Cabecera-Summit.jpeg\u00bb custom_margin=\u00bb||||false\u00bb custom_padding=\u00bb10vw||10vw||true|false\u00bb locked=\u00bboff\u00bb global_colors_info=\u00bb{}\u00bb][et_pb_row _builder_version=\u00bb4.27.0&#8243; global_colors_info=\u00bb{}\u00bb][et_pb_column type=\u00bb4_4&#8243; _builder_version=\u00bb4.16&#8243; custom_padding=\u00bb|||\u00bb global_colors_info=\u00bb{}\u00bb custom_padding__hover=\u00bb|||\u00bb][et_pb_text _builder_version=\u00bb4.27.4&#8243; text_font=\u00bb||||||||\u00bb header_font=\u00bbRubik|700|||||||\u00bb header_font_size=\u00bb64px\u00bb header_line_height=\u00bb1.1em\u00bb background_layout=\u00bbdark\u00bb max_width=\u00bb800px\u00bb custom_margin=\u00bb||0px|\u00bb custom_padding=\u00bb|||16px\u00bb text_font_size_tablet=\u00bb14px\u00bb text_font_size_last_edited=\u00bboff|desktop\u00bb header_font_size_tablet=\u00bb44px\u00bb header_font_size_phone=\u00bb32px\u00bb header_font_size_last_edited=\u00bbon|phone\u00bb border_color_all=\u00bb#04a99c\u00bb border_width_left=\u00bb10px\u00bb global_colors_info=\u00bb{}\u00bb]<\/p>\n<h1><strong>The Aerospace Thermoplastics International Summit brings together European industry leaders in Madrid<\/strong><\/h1>\n<p>[\/et_pb_text][\/et_pb_column][\/et_pb_row][\/et_pb_section][et_pb_section fb_built=\u00bb1&#8243; _builder_version=\u00bb4.27.4&#8243; _module_preset=\u00bbdefault\u00bb global_colors_info=\u00bb{}\u00bb][et_pb_row _builder_version=\u00bb4.27.2&#8243; _module_preset=\u00bbdefault\u00bb global_colors_info=\u00bb{}\u00bb][et_pb_column type=\u00bb4_4&#8243; _builder_version=\u00bb4.27.2&#8243; _module_preset=\u00bbdefault\u00bb global_colors_info=\u00bb{}\u00bb][et_pb_text _builder_version=\u00bb4.27.4&#8243; _module_preset=\u00bbdefault\u00bb global_colors_info=\u00bb{}\u00bb]<\/p>\n<p><strong><span style=\"color: #000000;\">The Aerospace Thermoplastics International Summit, organised by Fidamc in Madrid, brought together leading representatives from the aerospace industry, public institutions, technology centres and universities to discuss the challenges and opportunities that will shape the future of the sector.<\/span><\/strong><\/p>\n<p>[\/et_pb_text][et_pb_text _builder_version=\u00bb4.27.4&#8243; _module_preset=\u00bbdefault\u00bb global_colors_info=\u00bb{}\u00bb]<\/p>\n<p>The meeting was opened by <a href=\"https:\/\/fidamc.es\/en\/ernesto-gonzalez-ceo-de-fidamc-el-siguiente-salto-tecnologico-pertenece-a-los-termoplasticos\/\"><strong>Ernesto Gonz\u00e1lez Dur\u00e1n<\/strong><\/a>, CEO of Fidamc, who stressed that <strong>\u201c<\/strong>we are living in times of profound transformation in the aviation sector.\" he then gave the floor to <a href=\"https:\/\/fidamc.es\/en\/innovacion-y-sostenibilidad-ricardo-rojas-airbus-inaugura-el-aerospace-thermoplastics-international-summit\/\"><strong>Ricardo Rojas<\/strong><\/a>,\u00a0president of commercial aircraft at Airbus in Spain, who highlighted the strength of the aeronautical sector and Spain's key role in its growth. \"Airbus forecasts a need for <strong>more than 43,000 aircraft over the next 20 years<\/strong>, which will require increased production and address challenges in the <strong>supply chain, talent and innovation<\/strong>\" he said. He also pointed out the importance of <strong>investment in R&amp;D<\/strong>, digitalisation and <strong>new thermoplastic materials<\/strong>, and recognised the role of Fidamc as a \"bridge between research and industry\" in developing the technologies that will shape the next decade.<\/p>\n<p>[\/et_pb_text][\/et_pb_column][\/et_pb_row][et_pb_row _builder_version=\u00bb4.27.4&#8243; _module_preset=\u00bbdefault\u00bb global_colors_info=\u00bb{}\u00bb][et_pb_column type=\u00bb4_4&#8243; _builder_version=\u00bb4.27.4&#8243; _module_preset=\u00bbdefault\u00bb global_colors_info=\u00bb{}\u00bb][et_pb_text _builder_version=\u00bb4.27.4&#8243; _module_preset=\u00bbdefault\u00bb global_colors_info=\u00bb{}\u00bb]<\/p>\n<p>The summit, conceived as a space for strategic and technical exchange, brought together leading experts in <strong>six colloquiums<\/strong> that addressed key issues such as aerospace strategy and financing, the challenges facing original equipment manufacturers (OEMs), the industrialisation of thermoplastic materials, innovation in equipment and materials, and the role of the global research ecosystem.<\/p>\n<p><span style=\"font-style: normal; font-variant-ligatures: normal; font-variant-caps: normal; font-weight: 400; letter-spacing: normal; orphans: 2; text-align: start; text-indent: 0px; text-transform: none; widows: 2; word-spacing: 0px; -webkit-text-stroke-width: 0px; white-space: normal; background-color: #ffffff; text-decoration-thickness: initial; text-decoration-style: initial; text-decoration-color: initial; font-size: 10.5pt; font-family: 'Open Sans', sans-serif; color: #666666;\">The colloquium on<b><span>\u00a0<\/span><\/b><\/span><b style=\"color: #222222; font-family: Arial, Helvetica, sans-serif; font-size: small; font-style: normal; font-variant-ligatures: normal; font-variant-caps: normal; letter-spacing: normal; orphans: 2; text-align: start; text-indent: 0px; text-transform: none; widows: 2; word-spacing: 0px; -webkit-text-stroke-width: 0px; white-space: normal; background-color: #ffffff; text-decoration-thickness: initial; text-decoration-style: initial; text-decoration-color: initial;\"><span style=\"font-size: 10.5pt; font-family: 'Open Sans', sans-serif; color: #04a99c;\"><a href=\"https:\/\/fidamc.es\/en\/claves-de-la-estrategia-aeroespacial-y-oportunidades-de-financiacion\/\" target=\"_blank\" data-saferedirecturl=\"https:\/\/www.google.com\/url?q=https:\/\/fidamc.es\/claves-de-la-estrategia-aeroespacial-y-oportunidades-de-financiacion\/&amp;source=gmail&amp;ust=1763119589618000&amp;usg=AOvVaw0fojjq-vouIdnZKaUItsYI\" style=\"color: #1155cc;\" rel=\"noopener\"><span style=\"color: #04a99c;\">Aerospace Strategy and Funding Opportunities<\/span><\/a><span>\u00a0<\/span><\/span><\/b><span style=\"font-style: normal; font-variant-ligatures: normal; font-variant-caps: normal; font-weight: 400; letter-spacing: normal; orphans: 2; text-align: start; text-indent: 0px; text-transform: none; widows: 2; word-spacing: 0px; -webkit-text-stroke-width: 0px; white-space: normal; background-color: #ffffff; text-decoration-thickness: initial; text-decoration-style: initial; text-decoration-color: initial; font-size: 10.5pt; font-family: 'Open Sans', sans-serif; color: #666666;\">brought together Juan Francisco Reyes (CDTI \u2013 Horizon Europe NCP), Jos\u00e9 Javier Mart\u00edn Ca\u00f1izares (Regional Government of Andalusia), Jaume Marcos (President of PAE) and H\u00e9ctor Guerrero (Ministry of Science, Innovation and Universities \u2013 PERTE Aerospace). Moderated by Silvia Lazcano (Fidamc), they agreed that the sector is undergoing global expansion, driven by the need for technological sovereignty and sustainability. The role of PERTE Aerospace, with an investment of more than \u20ac2.8 billion, and the future Alliance for Spanish Aerospace, aimed at strengthening public-private collaboration, were highlighted.<\/span><\/p>\n<p>[\/et_pb_text][et_pb_text _builder_version=\u00bb4.27.4&#8243; _module_preset=\u00bbdefault\u00bb global_colors_info=\u00bb{}\u00bb]<\/p>\n<p>At the regional level, the Andalusia Aerospace Strategy, with an investment of \u20ac574 million until 2027, and the creation of the Net Zero Jerez Aeronautical Hub for sustainable aviation in Jerez were highlighted as examples of institutional cooperation and talent attraction.<\/p>\n<p>At European level, the importance of the Clean Aviation and CESAR programmes was highlighted, as well as the need to improve Spanish participation in Horizon Europe calls for proposals in order to strengthen competitiveness and innovation capacity.<\/p>\n<p>The colloquium on<a href=\"https:\/\/fidamc.es\/en\/desafios-futuros-para-los-fabricantes-de-equipos-originales-oem-vision-desde-airbus-boeing-e-itp-aero\/\"><strong> Future Challenges for Original Equipment Manufacturers (OEMs) <\/strong><\/a>\u00a0<span style=\"font-style: normal; font-variant-ligatures: normal; font-variant-caps: normal; font-weight: 400; letter-spacing: normal; orphans: 2; text-align: start; text-indent: 0px; text-transform: none; widows: 2; word-spacing: 0px; -webkit-text-stroke-width: 0px; white-space: normal; background-color: #ffffff; text-decoration-thickness: initial; text-decoration-style: initial; text-decoration-color: initial; font-size: 10.5pt; font-family: 'Open Sans', sans-serif; color: #666666;\">featured Susana Carballo (Airbus), Carlos Bello (Boeing) and Jos\u00e9 Francisco Beltr\u00e1n Par\u00eds (ITP Aero), moderated by Isaac P\u00e9rez Fafian (Fidamc). The debate focused on two major challenges:<\/span><span class=\"m_5353590210939504742apple-converted-space\" style=\"color: #222222; font-family: Arial, Helvetica, sans-serif; font-size: small; font-style: normal; font-variant-ligatures: normal; font-variant-caps: normal; font-weight: 400; letter-spacing: normal; orphans: 2; text-align: start; text-indent: 0px; text-transform: none; widows: 2; word-spacing: 0px; -webkit-text-stroke-width: 0px; white-space: normal; background-color: #ffffff; text-decoration-thickness: initial; text-decoration-style: initial; text-decoration-color: initial;\"><b><span style=\"font-size: 10.5pt; font-family: 'Open Sans', sans-serif; color: #666666;\">\u00a0<\/span><\/b><\/span><strong style=\"color: #222222; font-family: Arial, Helvetica, sans-serif; font-size: small; font-style: normal; font-variant-ligatures: normal; font-variant-caps: normal; letter-spacing: normal; orphans: 2; text-align: start; text-indent: 0px; text-transform: none; widows: 2; word-spacing: 0px; -webkit-text-stroke-width: 0px; white-space: normal; background-color: #ffffff; text-decoration-thickness: initial; text-decoration-style: initial; text-decoration-color: initial;\"><span style=\"font-size: 10.5pt; font-family: 'Open Sans', sans-serif; color: #666666; border: 1pt none windowtext; padding: 0cm; font-weight: normal;\">sustainability and increasing production rates<\/span><\/strong><strong style=\"color: #222222; font-family: Arial, Helvetica, sans-serif; font-size: small; font-style: normal; font-variant-ligatures: normal; font-variant-caps: normal; letter-spacing: normal; orphans: 2; text-align: start; text-indent: 0px; text-transform: none; widows: 2; word-spacing: 0px; -webkit-text-stroke-width: 0px; white-space: normal; background-color: #ffffff; text-decoration-thickness: initial; text-decoration-style: initial; text-decoration-color: initial;\"><u><span style=\"font-size: 10.5pt; font-family: 'Open Sans', sans-serif; color: #666666; border: 1pt none windowtext; padding: 0cm;\">.<\/span><\/u><\/strong><span class=\"m_5353590210939504742apple-converted-space\" style=\"color: #222222; font-family: Arial, Helvetica, sans-serif; font-size: small; font-style: normal; font-variant-ligatures: normal; font-variant-caps: normal; font-weight: 400; letter-spacing: normal; orphans: 2; text-align: start; text-indent: 0px; text-transform: none; widows: 2; word-spacing: 0px; -webkit-text-stroke-width: 0px; white-space: normal; background-color: #ffffff; text-decoration-thickness: initial; text-decoration-style: initial; text-decoration-color: initial;\"><b><span style=\"font-size: 10.5pt; font-family: 'Open Sans', sans-serif; color: #666666; border: 1pt none windowtext; padding: 0cm;\">\u00a0<\/span><\/b><\/span><span style=\"font-style: normal; font-variant-ligatures: normal; font-variant-caps: normal; font-weight: 400; letter-spacing: normal; orphans: 2; text-align: start; text-indent: 0px; text-transform: none; widows: 2; word-spacing: 0px; -webkit-text-stroke-width: 0px; white-space: normal; background-color: #ffffff; text-decoration-thickness: initial; text-decoration-style: initial; text-decoration-color: initial; font-size: 10.5pt; font-family: 'Open Sans', sans-serif; color: #666666;\">The opportunities offered by thermoplastic materials to address these challenges were also discussed: sustainability, through recyclability, and production rates, through stamping, in-situ consolidation or welding solutions for thermoplastic materials that enable increased production rates.<\/span><\/p>\n<p>OEMs agreed that the growth in air traffic\u2014estimated at 3.5% per year\u2014will require the production of more than 40,000 aircraft in the coming decades, which will demand new materials, more efficient processes and the incorporation of technologies such as artificial intelligence and advanced automation.<\/p>\n<p>The challenges of certifying new propulsion architectures, the use of hydrogen and sustainable aviation fuels (SAF), and the need to adapt regulatory frameworks to new technologies were also addressed. In defence and space, the importance of cybersecurity and cost reduction in space systems was highlighted.<\/p>\n<p>[\/et_pb_text][et_pb_text _builder_version=\u00bb4.27.4&#8243; _module_preset=\u00bbdefault\u00bb global_colors_info=\u00bb{}\u00bb]<\/p>\n<p><strong><a href=\"https:\/\/fidamc.es\/en\/el-reto-de-la-industrializacion-de-los-materiales-termoplasticos\/\">Challenges of the industrialization of thermoplastic materials<\/a>, <\/strong>the third colloquium, brought together Enrique S\u00e1nchez (Aernnova Composites), Ra\u00fal Arranz (Aciturri) and Salvador Romero (Fokker). The experts agreed that the leap to the industrialisation of thermoplastic materials requires automation, process standardisation and technological maturity.<\/p>\n<p>It was emphasised that these materials offer clear advantages in terms of repairability, recyclability and weight reduction, but still require investment in equipment and training to achieve the necessary scale of production. Collaboration between manufacturers, technology centres and OEMs was identified as the decisive factor in consolidating the value chain and accelerating industrial adoption.<\/p>\n<p>The discussion on<a href=\"https:\/\/fidamc.es\/en\/innovacion-en-equipos-la-industria-del-termoplastico-da-pasos-hacia-el-futuro\/\"><strong> Innovation in equipment <\/strong><\/a>was attended by I\u00f1igo Idareta (Mtorres), Andr\u00e9 Bertin (Coexpair Dynamics), Maarten Bach (KVE), Mael Farinas (Coriolis) and Marcus Kremers (Airborne) and was moderated by F\u00e9lix Dom\u00ednguez (Fidamc).<\/p>\n<p>The participants analysed how advances in automation, digitalisation and on-site consolidation are transforming the manufacture of thermoplastic components. They highlighted the need to develop more robust, modular and efficient equipment capable of matching the speeds of thermoset processes.<\/p>\n<p>The importance of collaboration between equipment developers, OEMs and certification authorities was also discussed, as well as the definition of process standards that would enable more agile certification of these emerging technologies.<\/p>\n<p>[\/et_pb_text][et_pb_text _builder_version=\u00bb4.27.4&#8243; _module_preset=\u00bbdefault\u00bb hover_enabled=\u00bb0&#8243; global_colors_info=\u00bb{}\u00bb sticky_enabled=\u00bb0&#8243;]<\/p>\n<p><a href=\"https:\/\/fidamc.es\/en\/desafios-y-oportunidades-de-la-innovacion-en-materiales-termoplasticos\/\"><strong>Innovation in materials <\/strong><\/a>featured the participation of Nathalie Schmitz (Hexcel), Mark Bouwman (Toray) and Johannes Treiber (Syensqo) and was moderated by Laura Ogalla Escolano (Fidamc).<\/p>\n<p>The experts agreed that thermoplastic materials are key to achieving more sustainable and competitive aviation, but that their development requires precise processes, greater standardisation and economies of scale.<\/p>\n<p>They highlighted their potential in terms of recyclability, durability and reduction of overall production costs, as well as the role of technology centres as agents of knowledge transfer between research and industry. They also advocated moving towards greater harmonisation of certifications and processes in Europe in order to accelerate their industrial adoption.<\/p>\n<p>The final panel discussion of the Summit,<strong><a href=\"https:\/\/fidamc.es\/en\/ecosistema-global-de-investigacion-colaboracion-y-alineacion-para-el-futuro-de-los-termoplasticos\/\"> Global research ecosystem<\/a>, <\/strong>featured David Leach, Rens Pierik (TPRC) and Isabel Mart\u00edn (Fidamc), moderated by Antonio Fern\u00e1ndez, head of the Composite Materials and Intelligent Structures group at ETSIAE\/UPM.<\/p>\n<p>The debate highlighted the importance of a global R&amp;D collaboration network connecting universities, research centres and companies. The need to align European technology agendas and promote closer cooperation between centres of excellence to share infrastructure, data and methodologies was emphasised.<\/p>\n<p>The speakers agreed that the next decade will be decisive in consolidating an international ecosystem for aerospace thermoplastics, where applied research and industrial innovation act in a coordinated manner.<\/p>\n<p>The <a href=\"https:\/\/fidamc.es\/en\/ernesto-gonzalez-el-futuro-de-la-industria-aeroespacial-sera-exponencial-sostenible-y-colaborativo\/\"><strong>cierre del evento<\/strong><\/a> estuvo a cargo de Ernesto Gonz\u00e1lez Dur\u00e1n, CEO de Fidamc, quien destac\u00f3 que el cambio en el sector es \u201cexponencial\u201d y que la \u00fanica manera de responder a ese ritmo es mediante la tecnolog\u00eda y la cooperaci\u00f3n internacional.<\/p>\n<p>He underlined the importance of building a global innovation network around thermoplastics, enabling Europe and the world to maintain their leadership in advanced aerospace materials.<\/p>\n<p>\"Progress is not measured by the speed of technology, but by the strength of the community behind it,\" said Gonz\u00e1lez, thanking all the speakers and attendees for their participation and reaffirming Fidamc's commitment to more sustainable, collaborative and competitive aviation.<\/p>\n<p>[\/et_pb_text][et_pb_text _builder_version=\u00bb4.27.4&#8243; text_font=\u00bb||||||||\u00bb header_font=\u00bb||||||||\u00bb header_2_font=\u00bbRubik|700|||||||\u00bb header_2_font_size=\u00bb42px\u00bb header_2_line_height=\u00bb1.2em\u00bb custom_margin=\u00bb|||\u00bb custom_padding=\u00bb|||\u00bb header_2_font_size_tablet=\u00bb\u00bb header_2_font_size_phone=\u00bb36px\u00bb header_2_font_size_last_edited=\u00bbon|phone\u00bb locked=\u00bboff\u00bb global_colors_info=\u00bb{}\u00bb]<\/p>\n<h2>Agenda<\/h2>\n<p>[\/et_pb_text][et_pb_divider color=\u00bb#00aa9c\u00bb divider_position=\u00bbcenter\u00bb divider_weight=\u00bb5px\u00bb _builder_version=\u00bb4.27.2&#8243; max_width=\u00bb50px\u00bb custom_margin=\u00bb-30px||||false|false\u00bb locked=\u00bboff\u00bb global_colors_info=\u00bb{}\u00bb][\/et_pb_divider][et_pb_accordion closed_toggle_text_color=\u00bb#2a2a2a\u00bb closed_toggle_background_color=\u00bb#ffffff\u00bb icon_color=\u00bb#04a99c\u00bb _builder_version=\u00bb4.27.4&#8243; toggle_font=\u00bbRubik|700|||||||\u00bb toggle_font_size=\u00bb18px\u00bb toggle_line_height=\u00bb1.4em\u00bb body_font=\u00bb||||||||\u00bb body_font_size=\u00bb15px\u00bb body_line_height=\u00bb1.8em\u00bb background_color=\u00bb#c4c4c4&#8243; custom_margin=\u00bb|||\u00bb custom_padding=\u00bb|||\u00bb border_width_all=\u00bb0px\u00bb global_colors_info=\u00bb{}\u00bb][et_pb_accordion_item title=\u00bbAerospace Thermoplastics International Summit\u00bb open=\u00bbon\u00bb _builder_version=\u00bb4.27.4&#8243; custom_margin=\u00bb1px||1px||true\u00bb link_option_url=\u00bbhttps:\/\/fidamc.es\/proyectos-preimpegnado-termoestable\/\u00bb link_option_url_new_window=\u00bbon\u00bb global_colors_info=\u00bb{}\u00bb][\/et_pb_accordion_item][et_pb_accordion_item title=\u00bbPonencias\u00bb _builder_version=\u00bb4.27.4&#8243; custom_margin=\u00bb1px||1px||true\u00bb global_colors_info=\u00bb{}\u00bb open=\u00bboff\u00bb]<\/p>\n<p>08:30\u201309:00 <strong>Registration and welcome coffee<\/strong><\/p>\n<p>09:00\u201309:15 <strong>Opening of the meeting<\/strong><\/p>\n<ul>\n<li>Ernesto Gonz\u00e1lez Dur\u00e1n\u00a0 (CEO Fidamc)<\/li>\n<\/ul>\n<p>09:15\u201309:30 <strong>Inaugural speech Keynote<\/strong><\/p>\n<ul>\n<li>Ricardo Rojas (Senior Vice President, Airbus)<\/li>\n<\/ul>\n<p>09:35\u201310:<span>15 <\/span><strong>Aerospace Strategy and Funding Opportunities<\/strong><\/p>\n<ul>\n<li>Juan Francisco Reyes (<span>Horizon Europe NCP<\/span><span> &#8211; <\/span>CDTI)<\/li>\n<li>Jos\u00e9 Javier Mart\u00edn Ca\u00f1izares (Territorial Delegate for Employment, Business and Self-Employment in Granada \u2013 Regional Government of Andalusia)<span style=\"color: #222222; font-family: Arial, Helvetica, sans-serif; font-size: small; font-style: normal; font-variant-ligatures: normal; font-variant-caps: normal; font-weight: 400; letter-spacing: normal; orphans: 2; text-align: start; text-indent: 0px; text-transform: none; widows: 2; word-spacing: 0px; -webkit-text-stroke-width: 0px; white-space: normal; background-color: #ffffff; text-decoration-thickness: initial; text-decoration-style: initial; text-decoration-color: initial; display: inline !important; float: none;\">\u00a0<\/span><\/li>\n<li>Jaume Marcos (<span>President <\/span>PAE)<\/li>\n<li><span>Hector Guerrero (<\/span><span>Subdirector General de Pol\u00edtica y Estrategia Aeroespacial &#8211; PERTE Aeroespacial &#8211; <\/span><span>Ministry of Science, Innovation, and Universities)<\/span><\/li>\n<li><span>Moderator: Silvia Lazcano<\/span><\/li>\n<\/ul>\n<p>10:2<span>0<\/span>\u201310:<span>50<\/span> <strong>Future Challenges for Original Equipment Manufacturers (OEMs)<\/strong><strong><\/strong><\/p>\n<ul>\n<li><span>Susana Carballo (<\/span><span>VP Aerostructures &#8211; <\/span><span>Airbus)<\/span><\/li>\n<li>Carlos Bello (<span>Senior Engineer &#8211; <\/span>Boeing)<\/li>\n<li>Jose Francisco Beltran Paris, (<span>Engineering Associate Director of Externals &amp; EBU &#8211; ITP)<\/span><\/li>\n<li><span>Moderator: Isaac Perez <\/span><\/li>\n<\/ul>\n<p>10:5<span>0<\/span>\u201311:<span>15<\/span>\u00a0<strong>Coffee break and networking<\/strong><\/p>\n<p>11:<span>15<\/span>\u201311:4<span>5 <\/span><strong>Challenges of the industrialization of thermoplastic materials<\/strong><\/p>\n<ul>\n<li>Enrique S\u00e1nchez (Manufacturing Engineering Director at Aernnova Composites)<\/li>\n<li><span>Raul Arranz<\/span> (<span>Ho R&amp;T Pro<\/span><span>grams<\/span> &#8211; Aciturri)<\/li>\n<li><span>Salvador Romero (Principal Engineer \u2013 Fokker)<\/span><\/li>\n<li><span>Moderator: <\/span><span>Sof\u00eda Delgado<\/span><\/li>\n<\/ul>\n<p>11:<span>50<\/span>\u201312:3<span>0 <\/span><strong>Innovation in equipment<\/strong><\/p>\n<ul>\n<li>I\u00f1igo Idareta (<span>Ho R&amp;D Operations &amp; Special Projects &#8211; <\/span>Mtorres)<\/li>\n<li>Andre Bertin (President \u2013 Coexpair Dynamics)<\/li>\n<li>Maarten Bach (Commercial Manager Thermoplastic Welding &#8211; KVE)<\/li>\n<li><span>Mael Farinas (Sales Engineer &#8211; Coriolis)<\/span><\/li>\n<li><span>Marcus Kremers (CTO \u2013 Airborne)<\/span><\/li>\n<li><span>Moderator: Felix Dominguez<\/span><\/li>\n<\/ul>\n<p>12:<span>35<\/span>\u201313:05<span>\u00a0<\/span><strong>Innovation in materials<\/strong><\/p>\n<ul>\n<li><span>Nathalie Schmitz (EU Business Develpment &#8211; Hexcel)<\/span><\/li>\n<li><span>Mark Bouwman (Service Engineer \u2013 Toray)<\/span><\/li>\n<li><span>Johannes Treiber (Thermoplastic Engineering Manager &#8211; Syensqo)<\/span><\/li>\n<li><span>Modera: Laura Ogalla Escolano (Senior Project Manager &#8211; FIDAMC)<\/span><\/li>\n<\/ul>\n<ul><\/ul>\n<p><span>13:10\u201314:10 <strong>Lunch<\/strong><\/span><\/p>\n<p><span>14<\/span>:<span>1<\/span><span>5<\/span>\u2013<span>14<\/span>:40<span> <\/span><strong>Global research ecosystem<\/strong><\/p>\n<ul>\n<li>David Leach (<span>Former Composite Technology Senior Expert &#8211; <\/span>Industrial Advisory Board Member)<\/li>\n<li>Rens Pierik (<span>Sr. Research Associate &amp; Business Developer<\/span><span> &#8211; <\/span>TPRC)<\/li>\n<li>Isabel Martin (<span>P<\/span><span>hD Ho Thermoplastics<\/span><span> &#8211; <\/span>Fidamc)<\/li>\n<li><span>Moderator: <\/span><span>Antonio Fernandez<\/span><\/li>\n<\/ul>\n<p><span>14<\/span>:4<span>5<\/span>\u2013<span>15<\/span>:<span>00 <\/span><strong>Closing ceremony<\/strong><\/p>\n<p>[\/et_pb_accordion_item][\/et_pb_accordion][et_pb_text _builder_version=\u00bb4.27.4&#8243; text_font=\u00bb||||||||\u00bb header_font=\u00bb||||||||\u00bb header_2_font=\u00bbRubik|700|||||||\u00bb header_2_font_size=\u00bb42px\u00bb header_2_line_height=\u00bb1.2em\u00bb custom_margin=\u00bb|||\u00bb custom_padding=\u00bb|||\u00bb header_2_font_size_tablet=\u00bb\u00bb header_2_font_size_phone=\u00bb36px\u00bb header_2_font_size_last_edited=\u00bbon|phone\u00bb locked=\u00bboff\u00bb global_colors_info=\u00bb{}\u00bb]<\/p>\n<h2>Participating companies<\/h2>\n<p>[\/et_pb_text][et_pb_divider color=\u00bb#00aa9c\u00bb divider_position=\u00bbcenter\u00bb divider_weight=\u00bb5px\u00bb _builder_version=\u00bb4.27.2&#8243; max_width=\u00bb50px\u00bb custom_margin=\u00bb-30px||||false|false\u00bb locked=\u00bboff\u00bb global_colors_info=\u00bb{}\u00bb][\/et_pb_divider][et_pb_image src=\u00bbhttps:\/\/fidamc.es\/wp-content\/uploads\/2025\/10\/Empresas-Confirmadas.png\u00bb title_text=\u00bbEmpresas Confirmadas\u00bb _builder_version=\u00bb4.27.4&#8243; _module_preset=\u00bbdefault\u00bb global_colors_info=\u00bb{}\u00bb][\/et_pb_image][et_pb_image src=\u00bbhttps:\/\/fidamc.es\/wp-content\/uploads\/2025\/10\/Captura-de-pantalla-2025-10-23-a-las-12.27.30.png\u00bb title_text=\u00bbLogos Summit\u00bb _builder_version=\u00bb4.27.4&#8243; _module_preset=\u00bbdefault\u00bb global_colors_info=\u00bb{}\u00bb][\/et_pb_image][\/et_pb_column][\/et_pb_row][\/et_pb_section]<\/p>","protected":false},"excerpt":{"rendered":"<p>El Aerospace Thermoplastics International Summit re\u00fane en Madrid a l\u00edderes del sector en EuropaEl Aerospace Thermoplastics International Summit, organizado por Fidamc en Madrid, ha reunido a destacados representantes de la industria aeroespacial, instituciones p\u00fablicas, centros tecnol\u00f3gicos y universidades que han debatido sobre los desaf\u00edos y oportunidades que marcar\u00e1n el futuro del sector.El encuentro fue inaugurado [&hellip;]<\/p>","protected":false},"author":1,"featured_media":0,"parent":0,"menu_order":0,"comment_status":"closed","ping_status":"closed","template":"","meta":{"_et_pb_use_builder":"on","_et_pb_old_content":"","_et_gb_content_width":"","footnotes":""},"class_list":["post-2734","page","type-page","status-publish","hentry"],"yoast_head":"<!-- This site is optimized with the Yoast SEO plugin v26.7 - https:\/\/yoast.com\/wordpress\/plugins\/seo\/ -->\r\n<title>Summit - FIDAMC<\/title>\r\n<meta name=\"robots\" content=\"index, follow, max-snippet:-1, max-image-preview:large, max-video-preview:-1\" \/>\r\n<link rel=\"canonical\" href=\"https:\/\/fidamc.es\/en\/summit\/\" \/>\r\n<meta property=\"og:locale\" content=\"en_GB\" \/>\r\n<meta property=\"og:type\" content=\"article\" \/>\r\n<meta property=\"og:title\" content=\"Summit - FIDAMC\" \/>\r\n<meta property=\"og:description\" content=\"El Aerospace Thermoplastics International Summit re\u00fane en Madrid a l\u00edderes del sector en EuropaEl Aerospace Thermoplastics International Summit, organizado por Fidamc en Madrid, ha reunido a destacados representantes de la industria aeroespacial, instituciones p\u00fablicas, centros tecnol\u00f3gicos y universidades que han debatido sobre los desaf\u00edos y oportunidades que marcar\u00e1n el futuro del sector.El encuentro fue inaugurado [&hellip;]\" \/>\r\n<meta property=\"og:url\" content=\"https:\/\/fidamc.es\/en\/summit\/\" \/>\r\n<meta property=\"og:site_name\" content=\"FIDAMC\" \/>\r\n<meta property=\"article:modified_time\" content=\"2025-11-15T21:19:51+00:00\" \/>\r\n<meta name=\"twitter:card\" content=\"summary_large_image\" \/>\r\n<meta name=\"twitter:label1\" content=\"Estimated reading time\" \/>\n\t<meta name=\"twitter:data1\" content=\"9 minutes\" \/>\r\n<script type=\"application\/ld+json\" class=\"yoast-schema-graph\">{\"@context\":\"https:\/\/schema.org\",\"@graph\":[{\"@type\":\"WebPage\",\"@id\":\"https:\/\/fidamc.es\/summit\/\",\"url\":\"https:\/\/fidamc.es\/summit\/\",\"name\":\"Summit - FIDAMC\",\"isPartOf\":{\"@id\":\"https:\/\/fidamc.es\/#website\"},\"datePublished\":\"2025-11-07T08:57:28+00:00\",\"dateModified\":\"2025-11-15T21:19:51+00:00\",\"breadcrumb\":{\"@id\":\"https:\/\/fidamc.es\/summit\/#breadcrumb\"},\"inLanguage\":\"en-GB\",\"potentialAction\":[{\"@type\":\"ReadAction\",\"target\":[\"https:\/\/fidamc.es\/summit\/\"]}]},{\"@type\":\"BreadcrumbList\",\"@id\":\"https:\/\/fidamc.es\/summit\/#breadcrumb\",\"itemListElement\":[{\"@type\":\"ListItem\",\"position\":1,\"name\":\"Portada\",\"item\":\"https:\/\/fidamc.es\/\"},{\"@type\":\"ListItem\",\"position\":2,\"name\":\"Summit\"}]},{\"@type\":\"WebSite\",\"@id\":\"https:\/\/fidamc.es\/#website\",\"url\":\"https:\/\/fidamc.es\/\",\"name\":\"FIDAMC\",\"description\":\"Research, Development and Application of Composite Materials\",\"potentialAction\":[{\"@type\":\"SearchAction\",\"target\":{\"@type\":\"EntryPoint\",\"urlTemplate\":\"https:\/\/fidamc.es\/?s={search_term_string}\"},\"query-input\":{\"@type\":\"PropertyValueSpecification\",\"valueRequired\":true,\"valueName\":\"search_term_string\"}}],\"inLanguage\":\"en-GB\"}]}<\/script>\r\n<!-- \/ Yoast SEO plugin. -->","yoast_head_json":{"title":"Summit - FIDAMC","robots":{"index":"index","follow":"follow","max-snippet":"max-snippet:-1","max-image-preview":"max-image-preview:large","max-video-preview":"max-video-preview:-1"},"canonical":"https:\/\/fidamc.es\/en\/summit\/","og_locale":"en_GB","og_type":"article","og_title":"Summit - FIDAMC","og_description":"El Aerospace Thermoplastics International Summit re\u00fane en Madrid a l\u00edderes del sector en EuropaEl Aerospace Thermoplastics International Summit, organizado por Fidamc en Madrid, ha reunido a destacados representantes de la industria aeroespacial, instituciones p\u00fablicas, centros tecnol\u00f3gicos y universidades que han debatido sobre los desaf\u00edos y oportunidades que marcar\u00e1n el futuro del sector.El encuentro fue inaugurado [&hellip;]","og_url":"https:\/\/fidamc.es\/en\/summit\/","og_site_name":"FIDAMC","article_modified_time":"2025-11-15T21:19:51+00:00","twitter_card":"summary_large_image","twitter_misc":{"Estimated reading time":"9 minutes"},"schema":{"@context":"https:\/\/schema.org","@graph":[{"@type":"WebPage","@id":"https:\/\/fidamc.es\/summit\/","url":"https:\/\/fidamc.es\/summit\/","name":"Summit - FIDAMC","isPartOf":{"@id":"https:\/\/fidamc.es\/#website"},"datePublished":"2025-11-07T08:57:28+00:00","dateModified":"2025-11-15T21:19:51+00:00","breadcrumb":{"@id":"https:\/\/fidamc.es\/summit\/#breadcrumb"},"inLanguage":"en-GB","potentialAction":[{"@type":"ReadAction","target":["https:\/\/fidamc.es\/summit\/"]}]},{"@type":"BreadcrumbList","@id":"https:\/\/fidamc.es\/summit\/#breadcrumb","itemListElement":[{"@type":"ListItem","position":1,"name":"Portada","item":"https:\/\/fidamc.es\/"},{"@type":"ListItem","position":2,"name":"Summit"}]},{"@type":"WebSite","@id":"https:\/\/fidamc.es\/#website","url":"https:\/\/fidamc.es\/","name":"FIDAMC","description":"Research, Development and Application of Composite Materials","potentialAction":[{"@type":"SearchAction","target":{"@type":"EntryPoint","urlTemplate":"https:\/\/fidamc.es\/?s={search_term_string}"},"query-input":{"@type":"PropertyValueSpecification","valueRequired":true,"valueName":"search_term_string"}}],"inLanguage":"en-GB"}]}},"_links":{"self":[{"href":"https:\/\/fidamc.es\/en\/wp-json\/wp\/v2\/pages\/2734","targetHints":{"allow":["GET"]}}],"collection":[{"href":"https:\/\/fidamc.es\/en\/wp-json\/wp\/v2\/pages"}],"about":[{"href":"https:\/\/fidamc.es\/en\/wp-json\/wp\/v2\/types\/page"}],"author":[{"embeddable":true,"href":"https:\/\/fidamc.es\/en\/wp-json\/wp\/v2\/users\/1"}],"replies":[{"embeddable":true,"href":"https:\/\/fidamc.es\/en\/wp-json\/wp\/v2\/comments?post=2734"}],"version-history":[{"count":28,"href":"https:\/\/fidamc.es\/en\/wp-json\/wp\/v2\/pages\/2734\/revisions"}],"predecessor-version":[{"id":2909,"href":"https:\/\/fidamc.es\/en\/wp-json\/wp\/v2\/pages\/2734\/revisions\/2909"}],"wp:attachment":[{"href":"https:\/\/fidamc.es\/en\/wp-json\/wp\/v2\/media?parent=2734"}],"curies":[{"name":"wp","href":"https:\/\/api.w.org\/{rel}","templated":true}]}}